{"id":10940,"date":"2021-02-22T13:05:25","date_gmt":"2021-02-22T13:05:25","guid":{"rendered":"https:\/\/preprod.sts-education.com\/vertsfamilie\/family-stories\/tidligere-vertsfamilier-forteller\/larsson\/"},"modified":"2026-04-03T14:56:46","modified_gmt":"2026-04-03T14:56:46","slug":"larsson","status":"publish","type":"page","link":"https:\/\/www.sts-education.com\/no\/vertsfamilie\/family-stories\/tidligere-vertsfamilier-forteller\/larsson\/","title":{"rendered":"Larsson"},"content":{"rendered":"\n<div class=\"wp-block-sts-text sts-text-editor has-max-width-md\"><div class=\"sts-text-editor__content\"><div class=\"sts-text-editor__content-inner\">\n<h1>&quot;Det er en fantastisk ting \u00e5 gj\u00f8re, og man l\u00e6rer virkelig mye!&quot;<\/h1>\n<\/div><\/div><\/div>\n\n\n\n<div class=\"wp-block-sts-text sts-text-editor has-max-width-md\"><div class=\"sts-text-editor__content\"><div class=\"sts-text-editor__content-inner\">\n<p>Hver vertsfamilie og utvekslingselev bygger opp sine egne rutiner og minner og finner felles interesser gjennom hele utvekslingsperioden. For Tine, \u00c5sa, Stefan og Tella, som bor i Arjeplog, inneb\u00e6rer dette reindrift, nordlys og innebandy. Tine, en tysk videreg\u00e5endeelev fra M\u00fcnchen, har funnet sitt nye hjem sammen med vertsforeldrene \u00c5sa og Stefan og datteren Tella i Norrbotten, den geografiske regionen i den nordligste delen av Sverige.<\/p>\n<p>P\u00e5 sp\u00f8rsm\u00e5l om hvordan det f\u00f8les \u00e5 bo p\u00e5 et s\u00e5 lite sted s\u00e5 langt nord i landet, forteller Tine hvor snille folk er i Arjeplog, og at det kanskje henger sammen med at det er et lite samfunn der de fleste kjenner hverandre p\u00e5 en eller annen m\u00e5te. Hun ble ogs\u00e5 veldig glad for \u00e5 se at alle p\u00e5 skolen er snille og at det er et helt annet forhold mellom l\u00e6rere og elever, noe som viser at det faktisk finnes en m\u00e5te \u00e5 gj\u00f8re det g\u00f8y \u00e5 g\u00e5 p\u00e5 skolen p\u00e5! &laquo;Her vil de faktisk vite hvordan du har det n\u00e5r noen sp\u00f8r hvordan du har det!&raquo;.<\/p>\n<\/div><\/div><\/div>\n\n\n\n<figure class=\"wp-block-sts-image sts-block-image sts-block-image--count-1 has-max-width-md\" data-count=\"1\"><div class=\"sts-block-image__grid\"><div class=\"sts-block-image__item\"><picture class=\"sts-responsive-image has-fit-cover has-pos-top is-skeleton\"><img src=\"https:\/\/cdn.sts-education.com\/11809_hero_md.jpg\" alt=\"&quot;Det er en fantastisk ting \u00e5 gj\u00f8re, og man l\u00e6rer virkelig mye!&quot;\" loading=\"lazy\" decoding=\"async\" fetchpriority=\"low\" sizes=\"(max-width: 736px) 100vw, 736px\" style=\"object-position:top\"\/><\/picture><\/div><\/div><\/figure>\n\n\n\n<div class=\"wp-block-sts-text sts-text-editor has-max-width-md\"><div class=\"sts-text-editor__content\"><div class=\"sts-text-editor__content-inner\">\n<h2>Naturen som felles interesse<\/h2>\n<p>Naturen er en av hovedinteressene som b\u00e5de Tine og vertsforeldrene har til felles. De liker alle sammen vinter og friluftsliv. M\u00f8rket er ikke noe problem for Tine, for selv om det er m\u00f8rkt og kaldt, finnes det mange aktiviteter \u00e5 gj\u00f8re. &quot;Det ligger for eksempel et skianlegg rett utenfor Arjeplog som vi liker \u00e5 dra til i helgene, en gang i uken tar jeg ridetimer, og jeg har ogs\u00e5 meldt meg inn i et innebandylag&quot;. Naturen var ogs\u00e5 en av grunnene til at Tine bestemte seg for \u00e5 flytte midlertidig til Sverige. &quot;For et par \u00e5r siden syklet jeg fra Oslo til G\u00f6teborg sammen med min tyske familie, og jeg forelsket meg i den svenske naturen&quot;.<\/p>\n<p>Stefan legger til at de har noen reinsdyr. Reinsdyrene passes av venner av familien som driver med reindrift, og noen ganger bes\u00f8ker de dem for \u00e5 hjelpe til med dyrene. Siden Tine er en del av familien, hjelper hun ogs\u00e5 til med reinsdyrene. Det er en mulighet for henne til \u00e5 bli kjent med den samiske kulturen, noe som er helt nytt for henne.<\/p>\n<p>N\u00e5r det gjelder hjemlengsel og det \u00e5 holde kontakten med venner og familie i Tyskland, sier Tine at &quot;det var ganske vanskelig \u00e5 ha kontakt med familie og venner uten \u00e5 f\u00f8le seg hjemlengsel, og derfor valgte jeg i starten \u00e5 ikke holde s\u00e5 mye kontakt. Og n\u00e5 kan jeg ikke tenke meg \u00e5 reise hjem igjen, det er helt spr\u00f8tt at jeg bare har fem m\u00e5neder igjen her!&quot;<\/p>\n<\/div><\/div><\/div>\n\n\n\n<figure class=\"wp-block-sts-image sts-block-image sts-block-image--count-1 has-max-width-md\" data-count=\"1\"><div class=\"sts-block-image__grid\"><div class=\"sts-block-image__item\"><picture class=\"sts-responsive-image has-fit-cover has-pos-top is-skeleton\"><img src=\"https:\/\/cdn.sts-education.com\/11810_hero_md.jpg\" alt=\"&quot;Det er en fantastisk ting \u00e5 gj\u00f8re, og man l\u00e6rer virkelig mye!&quot;\" loading=\"lazy\" decoding=\"async\" fetchpriority=\"low\" sizes=\"(max-width: 736px) 100vw, 736px\"\/><\/picture><\/div><\/div><\/figure>\n\n\n\n<div class=\"wp-block-sts-text sts-text-editor has-max-width-md\"><div class=\"sts-text-editor__content\"><div class=\"sts-text-editor__content-inner\">\n<h2>Vertsfamilie for andre gang<\/h2>\n<p>\u00c5sa og Stefan har allerede v\u00e6rt vertsfamilie for en utvekslingsstudent tidligere, og det er fortsatt spennende \u00e5 v\u00e6re vertsfamilie for andre gang. Det har blitt smidigere andre gang. &quot;Det er ting vi er litt mer forberedt p\u00e5, alt er mye mer avslappet&quot;, sier \u00c5sa, og legger til at de f\u00f8lte at de kunne v\u00e6re litt strengere med det svenske spr\u00e5ket, siden de vet hvor viktig det er for skolearbeidet. &quot;En annen ting vi inns\u00e5 etter \u00e5 ha tatt imot v\u00e5r f\u00f8rste utvekslingsstudent, var betydningen av studentens alder og hvordan det p\u00e5virker studentens sosiale liv generelt. Siden vi for eksempel visste at eleven skulle g\u00e5 f\u00f8rste \u00e5ret p\u00e5 videreg\u00e5ende, og mange land har skolestart ett \u00e5r tidligere, bestemte vi oss for \u00e5 velge en 16-\u00e5ring. P\u00e5 den m\u00e5ten ville klassekameratene v\u00e6re p\u00e5 samme alder.<\/p>\n<\/div><\/div><\/div>\n\n\n\n<figure class=\"wp-block-sts-image sts-block-image sts-block-image--count-1 has-max-width-md\" data-count=\"1\"><div class=\"sts-block-image__grid\"><div class=\"sts-block-image__item\"><picture class=\"sts-responsive-image has-fit-cover has-pos-top is-skeleton\"><img src=\"https:\/\/cdn.sts-education.com\/11811_hero_md.jpg\" alt=\"&quot;Det er en fantastisk ting \u00e5 gj\u00f8re, og man l\u00e6rer virkelig mye!&quot;\" loading=\"lazy\" decoding=\"async\" fetchpriority=\"low\" sizes=\"(max-width: 736px) 100vw, 736px\"\/><\/picture><\/div><\/div><\/figure>\n\n\n\n<div class=\"wp-block-sts-text sts-text-editor has-max-width-md\"><div class=\"sts-text-editor__content\"><div class=\"sts-text-editor__content-inner\">\n<h2>S\u00f8knaden er viktig for en god match<\/h2>\n<p>\u00c5 v\u00e6re vertskap for en ukjent person er allerede en utfordring, s\u00e5 det er viktig \u00e5 samle inn s\u00e5 mye informasjon som mulig fra starten av. Jeg vil r\u00e5de alle utvekslingsstudenter til \u00e5 fylle ut preferansene og interessene sine s\u00e5 godt de kan, slik at opplevelsen som utvekslingsstudent kan bli en suksess. &quot;<\/p>\n<p>\u00c5sa og Stefan oppfordrer alle til \u00e5 vurdere \u00e5 bli vertsfamilie, &quot;det er en fantastisk ting \u00e5 gj\u00f8re, og man l\u00e6rer virkelig mye. Man f\u00e5r venner for livet&quot;, sier \u00c5sa mot slutten av foredraget.<\/p>\n<p>\u00c5 s\u00f8ke p\u00e5 et utvekslingsprogram vil mest sannsynlig sette i gang en spenning, og det er sannsynligvis noe du tenker mye p\u00e5. Du er nysgjerrig p\u00e5 hvem som blir din fremtidige vertsfamilie, p\u00e5 \u00e5 ankomme vertslandet og p\u00e5 de daglige opplevelsene. Men husk at det f\u00f8rste skrittet mot en utvekslingsopplevelse starter allerede med s\u00f8knadsprosessen. Som \u00c5sa understreker, var det viktig for dem at b\u00e5de s\u00f8knaden til vertsfamilien og elevs\u00f8knaden ga et realistisk bilde av dem begge, slik at forventningene var p\u00e5 plass f\u00f8r utvekslingsoppholdet startet.<\/p>\n<p>Sverige er et stort og mangfoldig land, og i de ulike regionene finnes det en rekke kulturelle forskjeller og milj\u00f8er. Tines erfaring bekrefter hvor tilfredsstillende og givende et utvekslings\u00e5r kan v\u00e6re, selv &#8211; eller spesielt &#8211; n\u00e5r man reiser fra en storby man er vant til, til en mindre landsby som ligger isolert fra st\u00f8rre samfunn og byr p\u00e5 nye muligheter og aktiviteter man ikke er vant til. N\u00e5r man sp\u00f8r utvekslingsstudenter i Sverige om hvorfor de valgte \u00e5 komme hit, svarer mange; p\u00e5 grunn av den vakre naturen, skolesystemet eller skandinavers vennlighet generelt. Tine opplever at hun fikk oppleve alle disse grunnene.<\/p>\n<\/div><\/div><\/div>\n","protected":false},"excerpt":{"rendered":"","protected":false},"author":20,"featured_media":0,"parent":10915,"menu_order":0,"comment_status":"closed","ping_status":"closed","template":"","meta":{"_acf_changed":false,"sts_page_background_color":"","footnotes":""},"wpw_page_folders":[528],"class_list":["post-10940","page","type-page","status-publish","hentry"],"acf":[],"yoast_head":"<!-- This site is optimized with the Yoast SEO Premium plugin v27.2 (Yoast SEO v27.2) - https:\/\/yoast.com\/product\/yoast-seo-premium-wordpress\/ -->\n<title>Familien Larsson<\/title>\n<meta name=\"robots\" content=\"index, follow, max-snippet:-1, max-image-preview:large, max-video-preview:-1\" \/>\n<link rel=\"canonical\" href=\"https:\/\/www.sts-education.com\/no\/vertsfamilie\/family-stories\/tidligere-vertsfamilier-forteller\/larsson\/\" \/>\n<meta property=\"og:locale\" content=\"nb_NO\" \/>\n<meta property=\"og:type\" content=\"article\" \/>\n<meta property=\"og:title\" content=\"Larsson\" \/>\n<meta property=\"og:url\" content=\"https:\/\/www.sts-education.com\/no\/vertsfamilie\/family-stories\/tidligere-vertsfamilier-forteller\/larsson\/\" \/>\n<meta property=\"og:site_name\" content=\"STS Education\" \/>\n<meta property=\"article:modified_time\" content=\"2026-04-03T14:56:46+00:00\" \/>\n<meta property=\"og:image\" content=\"https:\/\/cdn.sts-education.com\/11809_hero_md.jpg\" \/>\n<meta name=\"twitter:card\" content=\"summary_large_image\" \/>\n<meta name=\"twitter:label1\" content=\"Ansl. lesetid\" \/>\n\t<meta name=\"twitter:data1\" content=\"5 minutter\" \/>\n<script type=\"application\/ld+json\" class=\"yoast-schema-graph\">{\"@context\":\"https:\/\/schema.org\",\"@graph\":[{\"@type\":\"WebPage\",\"@id\":\"https:\/\/www.sts-education.com\/no\/vertsfamilie\/family-stories\/tidligere-vertsfamilier-forteller\/larsson\/\",\"url\":\"https:\/\/www.sts-education.com\/no\/vertsfamilie\/family-stories\/tidligere-vertsfamilier-forteller\/larsson\/\",\"name\":\"Familien Larsson\",\"isPartOf\":{\"@id\":\"https:\/\/www.sts-education.com\/no\/#website\"},\"primaryImageOfPage\":{\"@id\":\"https:\/\/www.sts-education.com\/no\/vertsfamilie\/family-stories\/tidligere-vertsfamilier-forteller\/larsson\/#primaryimage\"},\"image\":{\"@id\":\"https:\/\/www.sts-education.com\/no\/vertsfamilie\/family-stories\/tidligere-vertsfamilier-forteller\/larsson\/#primaryimage\"},\"thumbnailUrl\":\"https:\/\/cdn.sts-education.com\/11809_hero_md.jpg\",\"datePublished\":\"2021-02-22T13:05:25+00:00\",\"dateModified\":\"2026-04-03T14:56:46+00:00\",\"breadcrumb\":{\"@id\":\"https:\/\/www.sts-education.com\/no\/vertsfamilie\/family-stories\/tidligere-vertsfamilier-forteller\/larsson\/#breadcrumb\"},\"inLanguage\":\"nb-NO\",\"potentialAction\":[{\"@type\":\"ReadAction\",\"target\":[\"https:\/\/www.sts-education.com\/no\/vertsfamilie\/family-stories\/tidligere-vertsfamilier-forteller\/larsson\/\"]}]},{\"@type\":\"ImageObject\",\"inLanguage\":\"nb-NO\",\"@id\":\"https:\/\/www.sts-education.com\/no\/vertsfamilie\/family-stories\/tidligere-vertsfamilier-forteller\/larsson\/#primaryimage\",\"url\":\"https:\/\/cdn.sts-education.com\/11809_hero_md.jpg\",\"contentUrl\":\"https:\/\/cdn.sts-education.com\/11809_hero_md.jpg\"},{\"@type\":\"BreadcrumbList\",\"@id\":\"https:\/\/www.sts-education.com\/no\/vertsfamilie\/family-stories\/tidligere-vertsfamilier-forteller\/larsson\/#breadcrumb\",\"itemListElement\":[{\"@type\":\"ListItem\",\"position\":1,\"name\":\"Home\",\"item\":\"https:\/\/www.sts-education.com\/no\/\"},{\"@type\":\"ListItem\",\"position\":2,\"name\":\"Vertsfamilie\",\"item\":\"https:\/\/www.sts-education.com\/no\/vertsfamilie\/\"},{\"@type\":\"ListItem\",\"position\":3,\"name\":\"Family Stories\",\"item\":\"https:\/\/www.sts-education.com\/no\/vertsfamilie\/family-stories\/\"},{\"@type\":\"ListItem\",\"position\":4,\"name\":\"Tidligere vertsfamilier forteller\",\"item\":\"https:\/\/www.sts-education.com\/no\/vertsfamilie\/family-stories\/tidligere-vertsfamilier-forteller\/\"},{\"@type\":\"ListItem\",\"position\":5,\"name\":\"Larsson\"}]},{\"@type\":\"WebSite\",\"@id\":\"https:\/\/www.sts-education.com\/no\/#website\",\"url\":\"https:\/\/www.sts-education.com\/no\/\",\"name\":\"STS Education\",\"description\":\"\",\"potentialAction\":[{\"@type\":\"SearchAction\",\"target\":{\"@type\":\"EntryPoint\",\"urlTemplate\":\"https:\/\/www.sts-education.com\/no\/?s={search_term_string}\"},\"query-input\":{\"@type\":\"PropertyValueSpecification\",\"valueRequired\":true,\"valueName\":\"search_term_string\"}}],\"inLanguage\":\"nb-NO\"}]}<\/script>\n<!-- \/ Yoast SEO Premium plugin. -->","yoast_head_json":{"title":"Familien Larsson","robots":{"index":"index","follow":"follow","max-snippet":"max-snippet:-1","max-image-preview":"max-image-preview:large","max-video-preview":"max-video-preview:-1"},"canonical":"https:\/\/www.sts-education.com\/no\/vertsfamilie\/family-stories\/tidligere-vertsfamilier-forteller\/larsson\/","og_locale":"nb_NO","og_type":"article","og_title":"Larsson","og_url":"https:\/\/www.sts-education.com\/no\/vertsfamilie\/family-stories\/tidligere-vertsfamilier-forteller\/larsson\/","og_site_name":"STS Education","article_modified_time":"2026-04-03T14:56:46+00:00","og_image":[{"url":"https:\/\/cdn.sts-education.com\/11809_hero_md.jpg","type":"","width":"","height":""}],"twitter_card":"summary_large_image","twitter_misc":{"Ansl. lesetid":"5 minutter"},"schema":{"@context":"https:\/\/schema.org","@graph":[{"@type":"WebPage","@id":"https:\/\/www.sts-education.com\/no\/vertsfamilie\/family-stories\/tidligere-vertsfamilier-forteller\/larsson\/","url":"https:\/\/www.sts-education.com\/no\/vertsfamilie\/family-stories\/tidligere-vertsfamilier-forteller\/larsson\/","name":"Familien Larsson","isPartOf":{"@id":"https:\/\/www.sts-education.com\/no\/#website"},"primaryImageOfPage":{"@id":"https:\/\/www.sts-education.com\/no\/vertsfamilie\/family-stories\/tidligere-vertsfamilier-forteller\/larsson\/#primaryimage"},"image":{"@id":"https:\/\/www.sts-education.com\/no\/vertsfamilie\/family-stories\/tidligere-vertsfamilier-forteller\/larsson\/#primaryimage"},"thumbnailUrl":"https:\/\/cdn.sts-education.com\/11809_hero_md.jpg","datePublished":"2021-02-22T13:05:25+00:00","dateModified":"2026-04-03T14:56:46+00:00","breadcrumb":{"@id":"https:\/\/www.sts-education.com\/no\/vertsfamilie\/family-stories\/tidligere-vertsfamilier-forteller\/larsson\/#breadcrumb"},"inLanguage":"nb-NO","potentialAction":[{"@type":"ReadAction","target":["https:\/\/www.sts-education.com\/no\/vertsfamilie\/family-stories\/tidligere-vertsfamilier-forteller\/larsson\/"]}]},{"@type":"ImageObject","inLanguage":"nb-NO","@id":"https:\/\/www.sts-education.com\/no\/vertsfamilie\/family-stories\/tidligere-vertsfamilier-forteller\/larsson\/#primaryimage","url":"https:\/\/cdn.sts-education.com\/11809_hero_md.jpg","contentUrl":"https:\/\/cdn.sts-education.com\/11809_hero_md.jpg"},{"@type":"BreadcrumbList","@id":"https:\/\/www.sts-education.com\/no\/vertsfamilie\/family-stories\/tidligere-vertsfamilier-forteller\/larsson\/#breadcrumb","itemListElement":[{"@type":"ListItem","position":1,"name":"Home","item":"https:\/\/www.sts-education.com\/no\/"},{"@type":"ListItem","position":2,"name":"Vertsfamilie","item":"https:\/\/www.sts-education.com\/no\/vertsfamilie\/"},{"@type":"ListItem","position":3,"name":"Family Stories","item":"https:\/\/www.sts-education.com\/no\/vertsfamilie\/family-stories\/"},{"@type":"ListItem","position":4,"name":"Tidligere vertsfamilier forteller","item":"https:\/\/www.sts-education.com\/no\/vertsfamilie\/family-stories\/tidligere-vertsfamilier-forteller\/"},{"@type":"ListItem","position":5,"name":"Larsson"}]},{"@type":"WebSite","@id":"https:\/\/www.sts-education.com\/no\/#website","url":"https:\/\/www.sts-education.com\/no\/","name":"STS Education","description":"","potentialAction":[{"@type":"SearchAction","target":{"@type":"EntryPoint","urlTemplate":"https:\/\/www.sts-education.com\/no\/?s={search_term_string}"},"query-input":{"@type":"PropertyValueSpecification","valueRequired":true,"valueName":"search_term_string"}}],"inLanguage":"nb-NO"}]}},"_links":{"self":[{"href":"https:\/\/www.sts-education.com\/no\/wp-json\/wp\/v2\/pages\/10940","targetHints":{"allow":["GET"]}}],"collection":[{"href":"https:\/\/www.sts-education.com\/no\/wp-json\/wp\/v2\/pages"}],"about":[{"href":"https:\/\/www.sts-education.com\/no\/wp-json\/wp\/v2\/types\/page"}],"author":[{"embeddable":true,"href":"https:\/\/www.sts-education.com\/no\/wp-json\/wp\/v2\/users\/20"}],"replies":[{"embeddable":true,"href":"https:\/\/www.sts-education.com\/no\/wp-json\/wp\/v2\/comments?post=10940"}],"version-history":[{"count":3,"href":"https:\/\/www.sts-education.com\/no\/wp-json\/wp\/v2\/pages\/10940\/revisions"}],"predecessor-version":[{"id":27900,"href":"https:\/\/www.sts-education.com\/no\/wp-json\/wp\/v2\/pages\/10940\/revisions\/27900"}],"up":[{"embeddable":true,"href":"https:\/\/www.sts-education.com\/no\/wp-json\/wp\/v2\/pages\/10915"}],"wp:attachment":[{"href":"https:\/\/www.sts-education.com\/no\/wp-json\/wp\/v2\/media?parent=10940"}],"wp:term":[{"taxonomy":"wpw_page_folders","embeddable":true,"href":"https:\/\/www.sts-education.com\/no\/wp-json\/wp\/v2\/wpw_page_folders?post=10940"}],"curies":[{"name":"wp","href":"https:\/\/api.w.org\/{rel}","templated":true}]}}