{"id":10288,"date":"2021-02-22T13:05:25","date_gmt":"2021-02-22T13:05:25","guid":{"rendered":"https:\/\/preprod.sts-education.com\/vardfamilj\/family-stories\/tidigare-vardfamiljer-berattar\/larsson-arjeplog\/"},"modified":"2026-04-03T15:16:06","modified_gmt":"2026-04-03T15:16:06","slug":"larsson-arjeplog","status":"publish","type":"page","link":"https:\/\/www.sts-education.com\/se\/vardfamilj\/family-stories\/tidigare-vardfamiljer-berattar\/larsson-arjeplog\/","title":{"rendered":"Larsson Arjeplog"},"content":{"rendered":"\n<div class=\"wp-block-sts-text sts-text-editor has-max-width-md\"><div class=\"sts-text-editor__content\"><div class=\"sts-text-editor__content-inner\">\n<h1>&quot;Det \u00e4r en fantastisk sak att g\u00f6ra och man l\u00e4r sig verkligen mycket!&quot;<\/h1>\n<\/div><\/div><\/div>\n\n\n\n<div class=\"wp-block-sts-text sts-text-editor has-max-width-md\"><div class=\"sts-text-editor__content\"><div class=\"sts-text-editor__content-inner\">\n<p>Varje v\u00e4rdfamilj och utbytesstudent bygger upp sina egna rutiner, minnen och hittar gemensamma intressen under utbytesperioden tillsammans. F\u00f6r Tine, \u00c5sa, Stefan och Tella, som bor i Arjeplog, inneb\u00e4r det rensk\u00f6tsel, norrsken och innebandy. Tine, en tysk high school-student fr\u00e5n M\u00fcnchen, har hittat sitt nya hem tillsammans med sina v\u00e4rdf\u00f6r\u00e4ldrar \u00c5sa och Stefan och deras dotter Tella, som bor i Norrbotten, den geografiska region som ligger i den allra nordligaste delen av Sverige.<\/p>\n<p>P\u00e5 fr\u00e5gan om hur det k\u00e4nns att bo p\u00e5 en s\u00e5 liten ort s\u00e5 l\u00e5ngt norrut i landet ber\u00e4ttar Tine hur sn\u00e4lla m\u00e4nniskorna \u00e4r i Arjeplog och hur det kanske h\u00e4nger ihop med att det \u00e4r ett litet samh\u00e4lle d\u00e4r de flesta k\u00e4nner varandra p\u00e5 ett eller annat s\u00e4tt. Hon blev ocks\u00e5 s\u00e5 glad \u00f6ver att se att alla i skolan \u00e4r sn\u00e4lla och den totalt annorlunda relationen mellan l\u00e4rare och elever, som visar att det verkligen finns ett s\u00e4tt att g\u00f6ra skolan rolig att g\u00e5 till! &#8221;H\u00e4r, n\u00e4r n\u00e5gon fr\u00e5gar hur du m\u00e5r, vill de faktiskt veta det!&#8221;.<\/p>\n<\/div><\/div><\/div>\n\n\n\n<figure class=\"wp-block-sts-image sts-block-image sts-block-image--count-1 has-max-width-md\" data-count=\"1\"><div class=\"sts-block-image__grid\"><div class=\"sts-block-image__item\"><picture class=\"sts-responsive-image has-fit-cover has-pos-top is-skeleton\"><img src=\"https:\/\/cdn.sts-education.com\/11809_hero_md.jpg\" alt=\"&quot;Det \u00e4r en fantastisk sak att g\u00f6ra och man l\u00e4r sig verkligen mycket!&quot;\" loading=\"lazy\" decoding=\"async\" fetchpriority=\"low\" sizes=\"(max-width: 736px) 100vw, 736px\" style=\"object-position:top\"\/><\/picture><\/div><\/div><\/figure>\n\n\n\n<div class=\"wp-block-sts-text sts-text-editor has-max-width-md\"><div class=\"sts-text-editor__content\"><div class=\"sts-text-editor__content-inner\">\n<h2>Naturen som gemensamt intresse<\/h2>\n<p>Naturen \u00e4r ett av de intressen som b\u00e5de Tine och hennes v\u00e4rdf\u00f6r\u00e4ldrar har gemensamt. De gillar alla vinter och utomhusaktiviteter. M\u00f6rker \u00e4r inget problem f\u00f6r Tine eftersom det \u00e4nd\u00e5 finns m\u00e5nga aktiviteter att g\u00f6ra \u00e4ven n\u00e4r det \u00e4r m\u00f6rkt och kallt. &quot;Det finns till exempel en skidort strax utanf\u00f6r Arjeplog som vi gillar att \u00e5ka till p\u00e5 helgerna, en g\u00e5ng i veckan tar jag ridlektioner och jag har ocks\u00e5 g\u00e5tt med i ett innebandylag&quot;. Naturen var ocks\u00e5 en av anledningarna till att Tine best\u00e4mde sig f\u00f6r att tillf\u00e4lligt flytta till Sverige. &quot;F\u00f6r ett par \u00e5r sedan cyklade jag fr\u00e5n Oslo till G\u00f6teborg med min tyska familj och jag blev f\u00f6r\u00e4lskad i den svenska naturen&quot;.<\/p>\n<p>Stefan till\u00e4gger att de har n\u00e5gra renar. Renarna sk\u00f6ts av v\u00e4nner till familjen som \u00e4r rensk\u00f6tare, och ibland bes\u00f6ker de dem f\u00f6r att hj\u00e4lpa till med djuren. Eftersom Tine \u00e4r en del av familjen hj\u00e4lper hon ocks\u00e5 till med renarna. Det \u00e4r en chans f\u00f6r henne att l\u00e4ra k\u00e4nna den samiska kulturen, n\u00e5got helt nytt f\u00f6r henne.<\/p>\n<p>N\u00e4r det g\u00e4ller heml\u00e4ngtan och att h\u00e5lla kontakt med v\u00e4nner och familj i Tyskland s\u00e4ger Tine att &quot;det var ganska sv\u00e5rt att ha kontakt med min familj och mina v\u00e4nner utan att k\u00e4nna heml\u00e4ngtan, och det var d\u00e4rf\u00f6r jag i b\u00f6rjan valde att inte ha s\u00e5 mycket kontakt. Och nu kan jag inte f\u00f6rest\u00e4lla mig att \u00e5ka hem igen, det \u00e4r helt galet att jag bara har fem m\u00e5nader kvar h\u00e4r!&quot;<\/p>\n<\/div><\/div><\/div>\n\n\n\n<figure class=\"wp-block-sts-image sts-block-image sts-block-image--count-1 has-max-width-md\" data-count=\"1\"><div class=\"sts-block-image__grid\"><div class=\"sts-block-image__item\"><picture class=\"sts-responsive-image has-fit-cover has-pos-top is-skeleton\"><img src=\"https:\/\/cdn.sts-education.com\/11810_hero_md.jpg\" alt=\"&quot;Det \u00e4r en fantastisk sak att g\u00f6ra och man l\u00e4r sig verkligen mycket!&quot;\" loading=\"lazy\" decoding=\"async\" fetchpriority=\"low\" sizes=\"(max-width: 736px) 100vw, 736px\"\/><\/picture><\/div><\/div><\/figure>\n\n\n\n<div class=\"wp-block-sts-text sts-text-editor has-max-width-md\"><div class=\"sts-text-editor__content\"><div class=\"sts-text-editor__content-inner\">\n<h2>V\u00e4rdfamilj f\u00f6r andra g\u00e5ngen<\/h2>\n<p>\u00c5sa och Stefan har redan tagit emot en utbytesstudent tidigare och att vara v\u00e4rdfamilj f\u00f6r andra g\u00e5ngen \u00e4r fortfarande sp\u00e4nnande. Saker och ting har blivit smidigare andra g\u00e5ngen. &quot;Det finns saker som vi \u00e4r lite mer f\u00f6rberedda p\u00e5, allt \u00e4r mycket mer avslappnat&quot;, s\u00e4ger \u00c5sa och till\u00e4gger att de k\u00e4nde att de kunde vara lite str\u00e4ngare med det svenska spr\u00e5ket, eftersom de vet hur viktigt det \u00e4r f\u00f6r skolarbetet. &quot;En annan sak som vi ins\u00e5g efter att ha tagit emot v\u00e5r f\u00f6rsta utbytesstudent var vikten av studentens \u00e5lder och hur det p\u00e5verkar studentens sociala liv i allm\u00e4nhet. Eftersom vi till exempel visste att studenten skulle g\u00e5 f\u00f6rsta \u00e5ret p\u00e5 high school, och m\u00e5nga l\u00e4nder b\u00f6rjar skolan ett \u00e5r tidigare, best\u00e4mde vi oss f\u00f6r att v\u00e4lja n\u00e5gon som var 16 \u00e5r. P\u00e5 s\u00e5 s\u00e4tt skulle klasskamraterna vara i samma \u00e5lder.<\/p>\n<\/div><\/div><\/div>\n\n\n\n<figure class=\"wp-block-sts-image sts-block-image sts-block-image--count-1 has-max-width-md\" data-count=\"1\"><div class=\"sts-block-image__grid\"><div class=\"sts-block-image__item\"><picture class=\"sts-responsive-image has-fit-cover has-pos-top is-skeleton\"><img src=\"https:\/\/cdn.sts-education.com\/11811_hero_md.jpg\" alt=\"&quot;Det \u00e4r en fantastisk sak att g\u00f6ra och man l\u00e4r sig verkligen mycket!&quot;\" loading=\"lazy\" decoding=\"async\" fetchpriority=\"low\" sizes=\"(max-width: 736px) 100vw, 736px\"\/><\/picture><\/div><\/div><\/figure>\n\n\n\n<div class=\"wp-block-sts-text sts-text-editor has-max-width-md\"><div class=\"sts-text-editor__content\"><div class=\"sts-text-editor__content-inner\">\n<h2>Ans\u00f6kan \u00e4r viktig f\u00f6r en bra matchning<\/h2>\n<p>Att vara v\u00e4rd f\u00f6r n\u00e5gon ok\u00e4nd \u00e4r redan det en utmaning, s\u00e5 det \u00e4r viktigt att samla in s\u00e5 mycket information som m\u00f6jligt redan fr\u00e5n b\u00f6rjan. Jag skulle r\u00e5da alla utbytesstudenter att fylla i sina preferenser och intressen s\u00e5 bra som m\u00f6jligt s\u00e5 att deras upplevelse som utbytesstudent kan bli riktigt lyckad. &quot;<\/p>\n<p>\u00c5sa och Stefan uppmanar alla att fundera p\u00e5 att bli v\u00e4rdfamilj, &quot;det \u00e4r en fantastisk sak att g\u00f6ra och man l\u00e4r sig verkligen mycket. Man f\u00e5r v\u00e4nner f\u00f6r livet&quot;, s\u00e4ger \u00c5sa mot slutet av samtalet.<\/p>\n<p>Att ans\u00f6ka till ett utbytesprogram kommer s\u00e4kert att v\u00e4cka en del k\u00e4nslor och det kommer troligen att vara n\u00e5got du t\u00e4nker p\u00e5 mycket. Du \u00e4r nyfiken p\u00e5 att veta vem din framtida v\u00e4rdfamilj kommer att vara, anl\u00e4nda till v\u00e4rdlandet och b\u00f6rja m\u00f6ta de dagliga upplevelserna. Kom dock ih\u00e5g att det f\u00f6rsta steget mot en utbytesupplevelse redan b\u00f6rjar med ans\u00f6kningsprocessen. Som \u00c5sa betonar var det viktigt f\u00f6r dem att deras ans\u00f6kan om v\u00e4rdfamilj och studentans\u00f6kan gav en realistisk bild av dem b\u00e5da f\u00f6r att verkligen s\u00e4tta f\u00f6rv\u00e4ntningarna precis innan utbytet b\u00f6rjade.<\/p>\n<p>Sverige \u00e4r ett s\u00e5 stort och m\u00e5ngsidigt land som genom de olika regionerna visar en m\u00e4ngd olika kulturella skillnader och milj\u00f6er. Tines erfarenhet bekr\u00e4ftar hur meningsfullt och givande ett utbytes\u00e5r kan vara, \u00e4ven &#8211; eller s\u00e4rskilt &#8211; n\u00e4r man \u00e5ker fr\u00e5n en storstad som man k\u00e4nner sig bekv\u00e4m med, till en mindre by som \u00e4r isolerad fr\u00e5n st\u00f6rre samh\u00e4llen och erbjuder nya m\u00f6jligheter och aktiviteter som man inte \u00e4r van vid. N\u00e4r man fr\u00e5gar utbytesstudenter i Sverige varf\u00f6r de valde att komma hit svarar m\u00e5nga; p\u00e5 grund av den vackra naturen, skolsystemet eller skandinavernas v\u00e4nlighet i allm\u00e4nhet. Tine tycker att hon fick uppleva alla dessa saker.<\/p>\n<\/div><\/div><\/div>\n","protected":false},"excerpt":{"rendered":"","protected":false},"author":20,"featured_media":0,"parent":10268,"menu_order":0,"comment_status":"closed","ping_status":"closed","template":"","meta":{"_acf_changed":false,"sts_page_background_color":"","footnotes":""},"wpw_page_folders":[528],"class_list":["post-10288","page","type-page","status-publish","hentry"],"acf":[],"yoast_head":"<!-- This site is optimized with the Yoast SEO Premium plugin v27.2 (Yoast SEO v27.2) - https:\/\/yoast.com\/product\/yoast-seo-premium-wordpress\/ -->\n<title>Larsson, Arjeplog<\/title>\n<meta name=\"robots\" content=\"index, follow, max-snippet:-1, max-image-preview:large, max-video-preview:-1\" \/>\n<link rel=\"canonical\" href=\"https:\/\/www.sts-education.com\/se\/vardfamilj\/family-stories\/tidigare-vardfamiljer-berattar\/larsson-arjeplog\/\" \/>\n<meta property=\"og:locale\" content=\"sv_SE\" \/>\n<meta property=\"og:type\" content=\"article\" \/>\n<meta property=\"og:title\" content=\"Larsson Arjeplog\" \/>\n<meta property=\"og:url\" content=\"https:\/\/www.sts-education.com\/se\/vardfamilj\/family-stories\/tidigare-vardfamiljer-berattar\/larsson-arjeplog\/\" \/>\n<meta property=\"og:site_name\" content=\"STS Education\" \/>\n<meta property=\"article:modified_time\" content=\"2026-04-03T15:16:06+00:00\" \/>\n<meta property=\"og:image\" content=\"https:\/\/cdn.sts-education.com\/11809_hero_md.jpg\" \/>\n<meta name=\"twitter:card\" content=\"summary_large_image\" \/>\n<meta name=\"twitter:label1\" content=\"Ber\u00e4knad l\u00e4stid\" \/>\n\t<meta name=\"twitter:data1\" content=\"5 minuter\" \/>\n<script type=\"application\/ld+json\" class=\"yoast-schema-graph\">{\"@context\":\"https:\/\/schema.org\",\"@graph\":[{\"@type\":\"WebPage\",\"@id\":\"https:\/\/www.sts-education.com\/se\/vardfamilj\/family-stories\/tidigare-vardfamiljer-berattar\/larsson-arjeplog\/\",\"url\":\"https:\/\/www.sts-education.com\/se\/vardfamilj\/family-stories\/tidigare-vardfamiljer-berattar\/larsson-arjeplog\/\",\"name\":\"Larsson, Arjeplog\",\"isPartOf\":{\"@id\":\"https:\/\/www.sts-education.com\/se\/#website\"},\"primaryImageOfPage\":{\"@id\":\"https:\/\/www.sts-education.com\/se\/vardfamilj\/family-stories\/tidigare-vardfamiljer-berattar\/larsson-arjeplog\/#primaryimage\"},\"image\":{\"@id\":\"https:\/\/www.sts-education.com\/se\/vardfamilj\/family-stories\/tidigare-vardfamiljer-berattar\/larsson-arjeplog\/#primaryimage\"},\"thumbnailUrl\":\"https:\/\/cdn.sts-education.com\/11809_hero_md.jpg\",\"datePublished\":\"2021-02-22T13:05:25+00:00\",\"dateModified\":\"2026-04-03T15:16:06+00:00\",\"breadcrumb\":{\"@id\":\"https:\/\/www.sts-education.com\/se\/vardfamilj\/family-stories\/tidigare-vardfamiljer-berattar\/larsson-arjeplog\/#breadcrumb\"},\"inLanguage\":\"sv-SE\",\"potentialAction\":[{\"@type\":\"ReadAction\",\"target\":[\"https:\/\/www.sts-education.com\/se\/vardfamilj\/family-stories\/tidigare-vardfamiljer-berattar\/larsson-arjeplog\/\"]}]},{\"@type\":\"ImageObject\",\"inLanguage\":\"sv-SE\",\"@id\":\"https:\/\/www.sts-education.com\/se\/vardfamilj\/family-stories\/tidigare-vardfamiljer-berattar\/larsson-arjeplog\/#primaryimage\",\"url\":\"https:\/\/cdn.sts-education.com\/11809_hero_md.jpg\",\"contentUrl\":\"https:\/\/cdn.sts-education.com\/11809_hero_md.jpg\"},{\"@type\":\"BreadcrumbList\",\"@id\":\"https:\/\/www.sts-education.com\/se\/vardfamilj\/family-stories\/tidigare-vardfamiljer-berattar\/larsson-arjeplog\/#breadcrumb\",\"itemListElement\":[{\"@type\":\"ListItem\",\"position\":1,\"name\":\"Home\",\"item\":\"https:\/\/www.sts-education.com\/se\/\"},{\"@type\":\"ListItem\",\"position\":2,\"name\":\"Vardfamilj\",\"item\":\"https:\/\/www.sts-education.com\/se\/vardfamilj\/\"},{\"@type\":\"ListItem\",\"position\":3,\"name\":\"Family stories\",\"item\":\"https:\/\/www.sts-education.com\/se\/vardfamilj\/family-stories\/\"},{\"@type\":\"ListItem\",\"position\":4,\"name\":\"Tidigare v\u00e4rdfamiljer ber\u00e4ttar\",\"item\":\"https:\/\/www.sts-education.com\/se\/vardfamilj\/family-stories\/tidigare-vardfamiljer-berattar\/\"},{\"@type\":\"ListItem\",\"position\":5,\"name\":\"Larsson Arjeplog\"}]},{\"@type\":\"WebSite\",\"@id\":\"https:\/\/www.sts-education.com\/se\/#website\",\"url\":\"https:\/\/www.sts-education.com\/se\/\",\"name\":\"STS Education\",\"description\":\"\",\"potentialAction\":[{\"@type\":\"SearchAction\",\"target\":{\"@type\":\"EntryPoint\",\"urlTemplate\":\"https:\/\/www.sts-education.com\/se\/?s={search_term_string}\"},\"query-input\":{\"@type\":\"PropertyValueSpecification\",\"valueRequired\":true,\"valueName\":\"search_term_string\"}}],\"inLanguage\":\"sv-SE\"}]}<\/script>\n<!-- \/ Yoast SEO Premium plugin. -->","yoast_head_json":{"title":"Larsson, Arjeplog","robots":{"index":"index","follow":"follow","max-snippet":"max-snippet:-1","max-image-preview":"max-image-preview:large","max-video-preview":"max-video-preview:-1"},"canonical":"https:\/\/www.sts-education.com\/se\/vardfamilj\/family-stories\/tidigare-vardfamiljer-berattar\/larsson-arjeplog\/","og_locale":"sv_SE","og_type":"article","og_title":"Larsson Arjeplog","og_url":"https:\/\/www.sts-education.com\/se\/vardfamilj\/family-stories\/tidigare-vardfamiljer-berattar\/larsson-arjeplog\/","og_site_name":"STS Education","article_modified_time":"2026-04-03T15:16:06+00:00","og_image":[{"url":"https:\/\/cdn.sts-education.com\/11809_hero_md.jpg","type":"","width":"","height":""}],"twitter_card":"summary_large_image","twitter_misc":{"Ber\u00e4knad l\u00e4stid":"5 minuter"},"schema":{"@context":"https:\/\/schema.org","@graph":[{"@type":"WebPage","@id":"https:\/\/www.sts-education.com\/se\/vardfamilj\/family-stories\/tidigare-vardfamiljer-berattar\/larsson-arjeplog\/","url":"https:\/\/www.sts-education.com\/se\/vardfamilj\/family-stories\/tidigare-vardfamiljer-berattar\/larsson-arjeplog\/","name":"Larsson, Arjeplog","isPartOf":{"@id":"https:\/\/www.sts-education.com\/se\/#website"},"primaryImageOfPage":{"@id":"https:\/\/www.sts-education.com\/se\/vardfamilj\/family-stories\/tidigare-vardfamiljer-berattar\/larsson-arjeplog\/#primaryimage"},"image":{"@id":"https:\/\/www.sts-education.com\/se\/vardfamilj\/family-stories\/tidigare-vardfamiljer-berattar\/larsson-arjeplog\/#primaryimage"},"thumbnailUrl":"https:\/\/cdn.sts-education.com\/11809_hero_md.jpg","datePublished":"2021-02-22T13:05:25+00:00","dateModified":"2026-04-03T15:16:06+00:00","breadcrumb":{"@id":"https:\/\/www.sts-education.com\/se\/vardfamilj\/family-stories\/tidigare-vardfamiljer-berattar\/larsson-arjeplog\/#breadcrumb"},"inLanguage":"sv-SE","potentialAction":[{"@type":"ReadAction","target":["https:\/\/www.sts-education.com\/se\/vardfamilj\/family-stories\/tidigare-vardfamiljer-berattar\/larsson-arjeplog\/"]}]},{"@type":"ImageObject","inLanguage":"sv-SE","@id":"https:\/\/www.sts-education.com\/se\/vardfamilj\/family-stories\/tidigare-vardfamiljer-berattar\/larsson-arjeplog\/#primaryimage","url":"https:\/\/cdn.sts-education.com\/11809_hero_md.jpg","contentUrl":"https:\/\/cdn.sts-education.com\/11809_hero_md.jpg"},{"@type":"BreadcrumbList","@id":"https:\/\/www.sts-education.com\/se\/vardfamilj\/family-stories\/tidigare-vardfamiljer-berattar\/larsson-arjeplog\/#breadcrumb","itemListElement":[{"@type":"ListItem","position":1,"name":"Home","item":"https:\/\/www.sts-education.com\/se\/"},{"@type":"ListItem","position":2,"name":"Vardfamilj","item":"https:\/\/www.sts-education.com\/se\/vardfamilj\/"},{"@type":"ListItem","position":3,"name":"Family stories","item":"https:\/\/www.sts-education.com\/se\/vardfamilj\/family-stories\/"},{"@type":"ListItem","position":4,"name":"Tidigare v\u00e4rdfamiljer ber\u00e4ttar","item":"https:\/\/www.sts-education.com\/se\/vardfamilj\/family-stories\/tidigare-vardfamiljer-berattar\/"},{"@type":"ListItem","position":5,"name":"Larsson Arjeplog"}]},{"@type":"WebSite","@id":"https:\/\/www.sts-education.com\/se\/#website","url":"https:\/\/www.sts-education.com\/se\/","name":"STS Education","description":"","potentialAction":[{"@type":"SearchAction","target":{"@type":"EntryPoint","urlTemplate":"https:\/\/www.sts-education.com\/se\/?s={search_term_string}"},"query-input":{"@type":"PropertyValueSpecification","valueRequired":true,"valueName":"search_term_string"}}],"inLanguage":"sv-SE"}]}},"_links":{"self":[{"href":"https:\/\/www.sts-education.com\/se\/wp-json\/wp\/v2\/pages\/10288","targetHints":{"allow":["GET"]}}],"collection":[{"href":"https:\/\/www.sts-education.com\/se\/wp-json\/wp\/v2\/pages"}],"about":[{"href":"https:\/\/www.sts-education.com\/se\/wp-json\/wp\/v2\/types\/page"}],"author":[{"embeddable":true,"href":"https:\/\/www.sts-education.com\/se\/wp-json\/wp\/v2\/users\/20"}],"replies":[{"embeddable":true,"href":"https:\/\/www.sts-education.com\/se\/wp-json\/wp\/v2\/comments?post=10288"}],"version-history":[{"count":3,"href":"https:\/\/www.sts-education.com\/se\/wp-json\/wp\/v2\/pages\/10288\/revisions"}],"predecessor-version":[{"id":27942,"href":"https:\/\/www.sts-education.com\/se\/wp-json\/wp\/v2\/pages\/10288\/revisions\/27942"}],"up":[{"embeddable":true,"href":"https:\/\/www.sts-education.com\/se\/wp-json\/wp\/v2\/pages\/10268"}],"wp:attachment":[{"href":"https:\/\/www.sts-education.com\/se\/wp-json\/wp\/v2\/media?parent=10288"}],"wp:term":[{"taxonomy":"wpw_page_folders","embeddable":true,"href":"https:\/\/www.sts-education.com\/se\/wp-json\/wp\/v2\/wpw_page_folders?post=10288"}],"curies":[{"name":"wp","href":"https:\/\/api.w.org\/{rel}","templated":true}]}}